{"id":493,"date":"2023-08-21T12:00:37","date_gmt":"2023-08-21T10:00:37","guid":{"rendered":"http:\/\/wp.classical-concerts.at\/?page_id=493"},"modified":"2024-10-10T13:14:54","modified_gmt":"2024-10-10T11:14:54","slug":"wiener-barock-orchester","status":"publish","type":"page","link":"https:\/\/classical-concerts.at\/hu\/","title":{"rendered":"Wiener Barock Orchester"},"content":{"rendered":"\n<h2 class=\"wp-block-heading\" id=\"home\">B\u00e9csi Barokk Zenekar<\/h2>\n\n\n\n<div class=\"wp-block-media-text alignfull is-stacked-on-mobile\" style=\"grid-template-columns:45% auto\"><figure class=\"wp-block-media-text__media\"><img loading=\"lazy\" decoding=\"async\" width=\"1024\" height=\"455\" src=\"http:\/\/classical-concerts.at\/wp-content\/uploads\/2023\/08\/foto2-1024x455.jpg\" alt=\"\" class=\"wp-image-95 size-full\" srcset=\"https:\/\/classical-concerts.at\/wp-content\/uploads\/2023\/08\/foto2-1024x455.jpg 1024w, https:\/\/classical-concerts.at\/wp-content\/uploads\/2023\/08\/foto2-300x133.jpg 300w, https:\/\/classical-concerts.at\/wp-content\/uploads\/2023\/08\/foto2-768x341.jpg 768w, https:\/\/classical-concerts.at\/wp-content\/uploads\/2023\/08\/foto2.jpg 1350w\" sizes=\"auto, (max-width: 1024px) 100vw, 1024px\" \/><\/figure><div class=\"wp-block-media-text__content\">\n<p style=\"padding-top:var(--wp--preset--spacing--20);padding-right:var(--wp--preset--spacing--40);padding-bottom:var(--wp--preset--spacing--20);padding-left:var(--wp--preset--spacing--40)\">&#8222;\u2026 mert szeret\u00fcnk mindenf\u00e9le mesterrel besz\u00e9lgetni; r\u00e9gi \u00e9s modern&#8221; &#8211; mondta Wolfgang Amadeus Mozart. Csatlakozzon a h\u00edres &#8222;B\u00e9csi Barokk Zenekarhoz&#8221; egy felejthetetlen utaz\u00e1sra az osztr\u00e1k zenet\u00f6rt\u00e9net legfontosabb korszakaiba. \u00c9lje \u00e1t Vivaldi, Mozart, Donizetti \u00e9s Csajkovszkij p\u00e1ratlan remekm\u0171veit. Virtu\u00f3z zen\u00e9szek \u00e9s kiv\u00e1l\u00f3 opera\u00e9nekesek el\u0151ad\u00e1s\u00e1ban B\u00e9cs egyik legszebb barokk term\u00e9ben.<\/p>\n<\/div><\/div>\n\n\n\n<figure class=\"wp-block-embed is-type-video is-provider-youtube wp-block-embed-youtube wp-embed-aspect-16-9 wp-has-aspect-ratio\"><div class=\"wp-block-embed__wrapper\">\n<iframe loading=\"lazy\" title=\"Wiener Barockorchester \/Vienna Baroque Orchestra (Official Video)\" width=\"660\" height=\"371\" src=\"https:\/\/www.youtube.com\/embed\/oKrzAZaSTvk?feature=oembed\" frameborder=\"0\" allow=\"accelerometer; autoplay; clipboard-write; encrypted-media; gyroscope; picture-in-picture; web-share\" referrerpolicy=\"strict-origin-when-cross-origin\" allowfullscreen><\/iframe>\n<\/div><\/figure>\n\n\n\n<figure class=\"wp-block-gallery has-nested-images columns-default is-cropped wp-block-gallery-1 is-layout-flex wp-block-gallery-is-layout-flex\">\n<figure class=\"wp-block-image size-large\"><img loading=\"lazy\" decoding=\"async\" width=\"1024\" height=\"685\" data-id=\"99\" src=\"http:\/\/classical-concerts.at\/wp-content\/uploads\/2023\/08\/Wiener-Barockorchester-4-1024x685.jpg\" alt=\"\" class=\"wp-image-99\" srcset=\"https:\/\/classical-concerts.at\/wp-content\/uploads\/2023\/08\/Wiener-Barockorchester-4-1024x685.jpg 1024w, https:\/\/classical-concerts.at\/wp-content\/uploads\/2023\/08\/Wiener-Barockorchester-4-300x201.jpg 300w, https:\/\/classical-concerts.at\/wp-content\/uploads\/2023\/08\/Wiener-Barockorchester-4-768x514.jpg 768w, https:\/\/classical-concerts.at\/wp-content\/uploads\/2023\/08\/Wiener-Barockorchester-4-1536x1028.jpg 1536w, https:\/\/classical-concerts.at\/wp-content\/uploads\/2023\/08\/Wiener-Barockorchester-4-2048x1371.jpg 2048w\" sizes=\"auto, (max-width: 1024px) 100vw, 1024px\" \/><\/figure>\n\n\n\n<figure class=\"wp-block-image size-large\"><img loading=\"lazy\" decoding=\"async\" width=\"1024\" height=\"683\" data-id=\"97\" src=\"http:\/\/classical-concerts.at\/wp-content\/uploads\/2023\/08\/0B6A9544-1024x683.jpg\" alt=\"\" class=\"wp-image-97\" srcset=\"https:\/\/classical-concerts.at\/wp-content\/uploads\/2023\/08\/0B6A9544-1024x683.jpg 1024w, https:\/\/classical-concerts.at\/wp-content\/uploads\/2023\/08\/0B6A9544-300x200.jpg 300w, https:\/\/classical-concerts.at\/wp-content\/uploads\/2023\/08\/0B6A9544-768x512.jpg 768w, https:\/\/classical-concerts.at\/wp-content\/uploads\/2023\/08\/0B6A9544-1536x1024.jpg 1536w, https:\/\/classical-concerts.at\/wp-content\/uploads\/2023\/08\/0B6A9544-2048x1365.jpg 2048w\" sizes=\"auto, (max-width: 1024px) 100vw, 1024px\" \/><\/figure>\n\n\n\n<figure class=\"wp-block-image size-large\"><img loading=\"lazy\" decoding=\"async\" width=\"1024\" height=\"634\" data-id=\"96\" src=\"http:\/\/classical-concerts.at\/wp-content\/uploads\/2023\/08\/Wiener-Barockorchester-unter5MB-1024x634.jpg\" alt=\"\" class=\"wp-image-96\" srcset=\"https:\/\/classical-concerts.at\/wp-content\/uploads\/2023\/08\/Wiener-Barockorchester-unter5MB-1024x634.jpg 1024w, https:\/\/classical-concerts.at\/wp-content\/uploads\/2023\/08\/Wiener-Barockorchester-unter5MB-300x186.jpg 300w, https:\/\/classical-concerts.at\/wp-content\/uploads\/2023\/08\/Wiener-Barockorchester-unter5MB-768x476.jpg 768w, https:\/\/classical-concerts.at\/wp-content\/uploads\/2023\/08\/Wiener-Barockorchester-unter5MB-1536x952.jpg 1536w, https:\/\/classical-concerts.at\/wp-content\/uploads\/2023\/08\/Wiener-Barockorchester-unter5MB-2048x1269.jpg 2048w\" sizes=\"auto, (max-width: 1024px) 100vw, 1024px\" \/><\/figure>\n<\/figure>\n\n\n\n<figure class=\"wp-block-image size-large uag-hide-mob\"><img loading=\"lazy\" decoding=\"async\" width=\"1024\" height=\"177\" src=\"http:\/\/classical-concerts.at\/wp-content\/uploads\/2023\/08\/bewertungen-1-1024x177.png\" alt=\"\" class=\"wp-image-197\" srcset=\"https:\/\/classical-concerts.at\/wp-content\/uploads\/2023\/08\/bewertungen-1-1024x177.png 1024w, https:\/\/classical-concerts.at\/wp-content\/uploads\/2023\/08\/bewertungen-1-300x52.png 300w, https:\/\/classical-concerts.at\/wp-content\/uploads\/2023\/08\/bewertungen-1-768x133.png 768w, https:\/\/classical-concerts.at\/wp-content\/uploads\/2023\/08\/bewertungen-1.png 1226w\" sizes=\"auto, (max-width: 1024px) 100vw, 1024px\" \/><\/figure>\n\n\n\n<figure class=\"wp-block-image size-full uag-hide-desktop uag-hide-tab\"><img loading=\"lazy\" decoding=\"async\" width=\"688\" height=\"417\" src=\"http:\/\/classical-concerts.at\/wp-content\/uploads\/2023\/08\/bewertungen-mobile-1.png\" alt=\"\" class=\"wp-image-433\" srcset=\"https:\/\/classical-concerts.at\/wp-content\/uploads\/2023\/08\/bewertungen-mobile-1.png 688w, https:\/\/classical-concerts.at\/wp-content\/uploads\/2023\/08\/bewertungen-mobile-1-300x182.png 300w\" sizes=\"auto, (max-width: 688px) 100vw, 688px\" \/><\/figure>\n\n\n\n<p>Mer\u00fclj\u00f6n el a b\u00e9csi zene m\u00e9ly\u00e9re a B\u00e9csi Barokk Zenekarral. Amint bel\u00e9p a Palais Sch\u00f6nborn-Batthy\u00e1nyba, B\u00e9cs egyik legpomp\u00e1sabb barokk term\u00e9be, egy olyan vil\u00e1gba l\u00e9p, ahol a klasszikus zene \u00e9letre kel. A leny\u0171g\u00f6z\u0151 V\u00f6r\u00f6s Szalonban a zenekar virtu\u00f3z zen\u00e9szei \u00e9s opera\u00e9nekesei minden hangot szenved\u00e9lyesen \u00e9s hitelesen sz\u00f3laltatnak meg. Mozart \u00e9s Vivaldi id\u0151tlen m\u0171veit\u0151l Csajkovszkij \u00e9s Brahms romantikus dallamaiig minden klasszikus koncert B\u00e9cs gazdag zenei \u00f6r\u00f6ks\u00e9g\u00e9r\u0151l tan\u00faskodik. Engedje, hogy elragadja \u00d6nt a felejthetetlen pillanatok szimf\u00f3ni\u00e1ja.<\/p>\n\n\n\n<figure class=\"wp-block-table is-style-regular\">\n    <table style=\"border-collapse: collapse;\">\n        <tbody>\n            <tr>\n                <td style=\"border: 1px solid white;\">\ud83c\udfe0<\/td>\n                <td style=\"border: 1px solid white;\">Palais Sch\u00f6nborn-Batth\u00e1ny, 1010 Wien, Renngasse 4<\/td>\n            <\/tr>\n            <tr>\n                <td style=\"border: 1px solid white;\">\ud83d\udcde<\/td>\n                <td style=\"border: 1px solid white;\"><a href=\"tel:+43 1 9346914\">+43 1 9346914<\/a><\/td>\n            <\/tr>\n            <tr>\n                <td style=\"border: 1px solid white;\">\ud83d\udce7<\/td>\n                <td style=\"border: 1px solid white;\"><a href=\"mailto:office@baroque-classic.com\">office@baroque-classic.com<\/a><\/td>\n            <\/tr>\n        <\/tbody>\n    <\/table>\n<\/figure>\n\n\n\n<h2 class=\"wp-block-heading\" id=\"geschichte\">T\u00f6rt\u00e9nelem<\/h2>\n\n\n\n<figure class=\"wp-block-image size-large\"><img loading=\"lazy\" decoding=\"async\" width=\"1024\" height=\"497\" src=\"http:\/\/classical-concerts.at\/wp-content\/uploads\/2023\/08\/foto3-1024x497.jpg\" alt=\"\" class=\"wp-image-94\" srcset=\"https:\/\/classical-concerts.at\/wp-content\/uploads\/2023\/08\/foto3-1024x497.jpg 1024w, https:\/\/classical-concerts.at\/wp-content\/uploads\/2023\/08\/foto3-300x145.jpg 300w, https:\/\/classical-concerts.at\/wp-content\/uploads\/2023\/08\/foto3-768x372.jpg 768w, https:\/\/classical-concerts.at\/wp-content\/uploads\/2023\/08\/foto3-1536x745.jpg 1536w, https:\/\/classical-concerts.at\/wp-content\/uploads\/2023\/08\/foto3.jpg 1920w\" sizes=\"auto, (max-width: 1024px) 100vw, 1024px\" \/><\/figure>\n\n\n\n<p>B\u00e9cs sz\u00edv\u00e9ben, ahol egykor a nagyhatalm\u00fa gr\u00f3f Batthy\u00e1ny \u00c1d\u00e1m t\u00e1bornagy lakott, ma is megtal\u00e1lhat\u00f3 a b\u00e9csi barokk korszak egyik \u00e9p\u00edt\u00e9szeti remekm\u0171ve, a Sch\u00f6nborn-Batthy\u00e1ny-palota. A b\u00e9csi Karlskirche \u00e9p\u00edt\u00e9sze, Johann Bernhard Fischer von Erlach tervei alapj\u00e1n 1699-ben \u00e9p\u00fclt barokk \u00e9p\u00fclet azonnal a f\u00e9ny\u0171z\u0151 pompa kor\u00e1ba rep\u00edt. Az impoz\u00e1ns hangversenyterem leny\u0171g\u00f6z\u0151 konstrukci\u00f3j\u00e1val \u00e9s akusztikailag fel\u00fclm\u00falhatatlan hangz\u00e1s\u00e9lm\u00e9nyt ny\u00fajt. Mer\u00fclj\u00f6n el a klasszikus zene csod\u00e1latos vil\u00e1g\u00e1ban, \u00e9s tapasztalja meg B\u00e9cset a maga teljess\u00e9g\u00e9ben.<\/p>\n\n\n\n<h2 class=\"wp-block-heading\" id=\"konzerte\">Koncertek<\/h2>\n\n\n\n<p>3 kateg\u00f3ria k\u00f6z\u00fcl v\u00e1laszthat:<\/p>\n\n\n\n<h2 class=\"wp-block-heading\" id=\"konzerte-tickets\">Jegykateg\u00f3ri\u00e1k \u00e9s \u00e1rak<\/h2>\n\n\n\n<div class=\"wp-block-cover alignfull\"><span aria-hidden=\"true\" class=\"wp-block-cover__background has-background-dim\"><\/span><img loading=\"lazy\" decoding=\"async\" width=\"1024\" height=\"685\" class=\"wp-block-cover__image-background wp-image-93\" alt=\"\" src=\"http:\/\/classical-concerts.at\/wp-content\/uploads\/2023\/08\/foto4-1024x685.jpg\" data-object-fit=\"cover\" srcset=\"https:\/\/classical-concerts.at\/wp-content\/uploads\/2023\/08\/foto4-1024x685.jpg 1024w, https:\/\/classical-concerts.at\/wp-content\/uploads\/2023\/08\/foto4-300x201.jpg 300w, https:\/\/classical-concerts.at\/wp-content\/uploads\/2023\/08\/foto4-768x514.jpg 768w, https:\/\/classical-concerts.at\/wp-content\/uploads\/2023\/08\/foto4-1536x1028.jpg 1536w, https:\/\/classical-concerts.at\/wp-content\/uploads\/2023\/08\/foto4.jpg 1920w\" sizes=\"auto, (max-width: 1024px) 100vw, 1024px\" \/><div class=\"wp-block-cover__inner-container is-layout-flow wp-block-cover-is-layout-flow\">\n<p class=\"has-text-align-center has-large-font-size\"><\/p>\n\n\n\n<figure class=\"wp-block-table is-style-regular has-medium-font-size\"><table class=\"has-quaternary-color has-text-color has-background\" style=\"background-color:#0f0402\"><thead><tr><th>&nbsp;<\/th><th class=\"has-text-align-center\" data-align=\"center\">Koncert **<\/th><th class=\"has-text-align-center\" data-align=\"center\">Koncert &amp; Vacsora ***<\/th><\/tr><\/thead><tbody><tr><td>*VIP<\/td><td class=\"has-text-align-center\" data-align=\"center\">\u20ac 79<\/td><td class=\"has-text-align-center\" data-align=\"center\">\u20ac 129<\/td><\/tr><tr><td>Cat. A<\/td><td class=\"has-text-align-center\" data-align=\"center\">\u20ac 69<\/td><td class=\"has-text-align-center\" data-align=\"center\">\u20ac 119<\/td><\/tr><tr><td>Cat. B<\/td><td class=\"has-text-align-center\" data-align=\"center\">\u20ac 59<\/td><td class=\"has-text-align-center\" data-align=\"center\">\u20ac 109<\/td><\/tr><\/tbody><\/table><\/figure>\n\n\n\n<div class=\"wp-block-buttons is-content-justification-center is-layout-flex wp-container-core-buttons-is-layout-16018d1d wp-block-buttons-is-layout-flex\">\n<div class=\"wp-block-button is-style-fill\"><a class=\"wp-block-button__link has-text-align-center wp-element-button\" href=\"https:\/\/classical-concerts.reservix.at\/\" target=\"_blank\" rel=\"noopener\">Jegyek v\u00e1s\u00e1rl\u00e1sa<\/a><\/div>\n<\/div>\n<\/div><\/div>\n\n\n\n<p class=\"has-quaternary-color has-text-color\"><\/p>\n\n\n<div class=\"wp-block-image\">\n<figure class=\"alignright size-full is-resized\"><img loading=\"lazy\" decoding=\"async\" width=\"800\" height=\"719\" src=\"https:\/\/classical-concerts.at\/wp-content\/uploads\/2024\/10\/Saalplan-2024.png\" alt=\"Saalplan\" class=\"wp-image-1669\" style=\"aspect-ratio:1.070754716981132;width:255px;height:auto\" srcset=\"https:\/\/classical-concerts.at\/wp-content\/uploads\/2024\/10\/Saalplan-2024.png 800w, https:\/\/classical-concerts.at\/wp-content\/uploads\/2024\/10\/Saalplan-2024-300x270.png 300w, https:\/\/classical-concerts.at\/wp-content\/uploads\/2024\/10\/Saalplan-2024-768x690.png 768w\" sizes=\"auto, (max-width: 800px) 100vw, 800px\" \/><\/figure>\n<\/div>\n\n\n<p>*&nbsp; &nbsp; &nbsp; Biztos\u00edt egy helyet az els\u0151 vagy m\u00e1sodik sorban a koncerten egy itallal egy\u00fctt.<\/p>\n\n\n\n<p>** A koncert kezdete: 18:30 vagy 20:20 a Palais Sch\u00f6nbornban.<\/p>\n\n\n\n<p>*** A koncert kezdete: 18:30 vagy 20:20 a Palais Sch\u00f6nbornban, a vacsora kezdete: 18:00 vagy 20:30.<\/p>\n\n\n\n<p><\/p>\n\n\n\n<p>Jelenleg k\u00e9t koncert van (18:30 \u00e9s 20:20).<\/p>\n\n\n\n<h2 class=\"wp-block-heading\" id=\"programm\">Programkivonat<\/h2>\n\n\n\n<p><strong>W. A. Mozart<\/strong> \u201eNon pi\u00f9 andrai\u201c, Le Nozze Di Figaro<br><strong>A. Vivaldi<\/strong> \u201eVier Jahreszeiten\u201c<br><strong>W. A. Mozart<\/strong> \u201ePapageno-Papagena\u201c, Die Zauberfl\u00f6te<br><strong>G. Donizetti<\/strong> \u201eUna furtiva lagrima\u201c<br><strong>P. I. Tschaikowski<\/strong> \u201eWalzer\u201c, Streicherserenade<br><strong>J. Brahms<\/strong> \u201eUngarischer Tanz Nr. 5\u201c<br><strong>F. Lehar<\/strong> \u201eDein ist mein ganzes Herz\u201c<\/p>\n\n\n\n<p><\/p>\n\n\n\n<p>A program v\u00e1ltozhat<\/p>\n\n\n\n<p><\/p>\n\n\n\n<h2 class=\"wp-block-heading\" id=\"dinner\">Koncert \u00e9s vacsora<\/h2>\n\n\n<div class=\"wp-block-image\">\n<figure class=\"alignright size-large is-resized\"><img loading=\"lazy\" decoding=\"async\" width=\"1024\" height=\"770\" src=\"http:\/\/classical-concerts.at\/wp-content\/uploads\/2023\/08\/Landman-tafelspitz-1024x770.jpg\" alt=\"\" class=\"wp-image-151\" style=\"width:222px;height:167px\" srcset=\"https:\/\/classical-concerts.at\/wp-content\/uploads\/2023\/08\/Landman-tafelspitz-1024x770.jpg 1024w, https:\/\/classical-concerts.at\/wp-content\/uploads\/2023\/08\/Landman-tafelspitz-300x226.jpg 300w, https:\/\/classical-concerts.at\/wp-content\/uploads\/2023\/08\/Landman-tafelspitz-768x577.jpg 768w, https:\/\/classical-concerts.at\/wp-content\/uploads\/2023\/08\/Landman-tafelspitz.jpg 1080w\" sizes=\"auto, (max-width: 1024px) 100vw, 1024px\" \/><\/figure>\n<\/div>\n\n\n<p>Kezdje kulin\u00e1ris-zenei est\u00e9j\u00e9t 18:30-kor a &#8222;B\u00e9csi Barokk Zenekarral&#8221; egy\u00fctt egy felejthetetlen utaz\u00e1sra az osztr\u00e1k zenet\u00f6rt\u00e9net legfontosabb korszakaiba.<\/p>\n\n\n\n<p>A koncert ut\u00e1n ir\u00e1ny a Caf\u00e9 Restaurant Landtmann, egy b\u00e9csi int\u00e9zm\u00e9ny.<\/p>\n\n\n\n<p><\/p>\n\n\n\n<h4 class=\"wp-block-heading\">A Caf\u00e9 Landtmann:<\/h4>\n\n\n<div class=\"wp-block-image\">\n<figure class=\"alignright size-medium is-resized\"><img loading=\"lazy\" decoding=\"async\" width=\"300\" height=\"200\" src=\"http:\/\/classical-concerts.at\/wp-content\/uploads\/2023\/08\/cafe-landmann-300x200.jpg\" alt=\"\" class=\"wp-image-194\" style=\"width:243px;height:162px\" srcset=\"https:\/\/classical-concerts.at\/wp-content\/uploads\/2023\/08\/cafe-landmann-300x200.jpg 300w, https:\/\/classical-concerts.at\/wp-content\/uploads\/2023\/08\/cafe-landmann-1024x683.jpg 1024w, https:\/\/classical-concerts.at\/wp-content\/uploads\/2023\/08\/cafe-landmann-768x512.jpg 768w, https:\/\/classical-concerts.at\/wp-content\/uploads\/2023\/08\/cafe-landmann-1536x1024.jpg 1536w, https:\/\/classical-concerts.at\/wp-content\/uploads\/2023\/08\/cafe-landmann.jpg 1900w\" sizes=\"auto, (max-width: 300px) 100vw, 300px\" \/><\/figure>\n<\/div>\n\n\n<p>Franz Landtmann 1873-ban nyitotta meg B\u00e9cs &#8222;legeleg\u00e1nsabb k\u00e1v\u00e9h\u00e1zi hely\u00e9t&#8221;. A &#8222;das Landtmann&#8221; ma is a b\u00e9csi k\u00e1v\u00e9h\u00e1zi kult\u00fara megtestes\u00edt\u0151je \u00e9s az egyik utols\u00f3 megmaradt Ringstrasse k\u00e1v\u00e9z\u00f3. \u00c9lvezze itt a b\u00e9csi vend\u00e9gl\u00e1t\u00e1s \u00e9s hagyom\u00e1nyok csod\u00e1latos vil\u00e1g\u00e1t egy melange \u00e9s egy alm\u00e1s r\u00e9tes mellett, ahogyan kor\u00e1bban Sigmund Freud, Gustav Mahler vagy Hillary Clinton tette.<\/p>\n\n\n\n<h4 class=\"wp-block-heading\">A SERVUS \u00e9tterem:<\/h4>\n\n\n<div class=\"wp-block-image\">\n<figure class=\"alignright size-full is-resized\"><img loading=\"lazy\" decoding=\"async\" width=\"559\" height=\"704\" src=\"http:\/\/classical-concerts.at\/wp-content\/uploads\/2023\/08\/servus-restaurant-wien.png\" alt=\"\" class=\"wp-image-163\" style=\"width:176px;height:222px\" srcset=\"https:\/\/classical-concerts.at\/wp-content\/uploads\/2023\/08\/servus-restaurant-wien.png 559w, https:\/\/classical-concerts.at\/wp-content\/uploads\/2023\/08\/servus-restaurant-wien-238x300.png 238w\" sizes=\"auto, (max-width: 559px) 100vw, 559px\" \/><\/figure>\n<\/div>\n\n\n<p>A SERVUS \u00e9tterem kulin\u00e1risan boldogg\u00e1 teszi \u00d6nt. Osztr\u00e1k \u00e9telekkel k\u00e9nyeztetik \u00d6nt. Az \u00e9tterem nagy hangs\u00falyt fektet a region\u00e1lis \u00e9s min\u0151s\u00e9gi alapanyagokra. \u00c9lvezze itt osztr\u00e1k \u00e9tel\u00e9t &#8211; \u00fajonnan \u00e9rtelmezve \u00e9s frissen elk\u00e9sz\u00edtve.<\/p>\n\n\n\n<div style=\"height:66px\" aria-hidden=\"true\" class=\"wp-block-spacer\"><\/div>\n\n\n\n<h2 class=\"wp-block-heading has-text-align-center\">Men\u00fc<\/h2>\n\n\n\n<div class=\"wp-block-media-text alignwide has-media-on-the-right is-stacked-on-mobile is-vertically-aligned-center has-background\" style=\"background-color:#e3e9df;grid-template-columns:auto 40%\"><div class=\"wp-block-media-text__content\">\n<div class=\"wp-block-group\" style=\"padding-top:2em;padding-right:2em;padding-bottom:2em;padding-left:2em\"><div class=\"wp-block-group__inner-container is-layout-flow wp-block-group-is-layout-flow\">\n<h3 class=\"wp-block-heading has-text-align-center has-text-color\" style=\"color:#5d5d5c\">Men\u00fc Caf\u00e9 Landtmann<\/h3>\n\n\n\n<p class=\"has-text-align-center has-text-color\" style=\"color:#5d5d5c\"><br>Marhah\u00fasleves fritatt\u00e1val<br>***<br>Wiener Schnitzel borj\u00fah\u00fasb\u00f3l, pan\u00edrozva \u00e9s aranybarn\u00e1ra s\u00fctve, h\u00e1zi burgonyasal\u00e1t\u00e1val \u00e9s \u00e1fony\u00e1val<br>***<br>Landtmann\u2019s Guglhupf<\/p>\n<\/div><\/div>\n<\/div><figure class=\"wp-block-media-text__media\"><img loading=\"lazy\" decoding=\"async\" width=\"1024\" height=\"576\" src=\"http:\/\/classical-concerts.at\/wp-content\/uploads\/2023\/08\/landtmann-1024x576.webp\" alt=\"\" class=\"wp-image-147 size-large\" srcset=\"https:\/\/classical-concerts.at\/wp-content\/uploads\/2023\/08\/landtmann-1024x576.webp 1024w, https:\/\/classical-concerts.at\/wp-content\/uploads\/2023\/08\/landtmann-300x169.webp 300w, https:\/\/classical-concerts.at\/wp-content\/uploads\/2023\/08\/landtmann-768x432.webp 768w, https:\/\/classical-concerts.at\/wp-content\/uploads\/2023\/08\/landtmann-1536x864.webp 1536w, https:\/\/classical-concerts.at\/wp-content\/uploads\/2023\/08\/landtmann.webp 1600w\" sizes=\"auto, (max-width: 1024px) 100vw, 1024px\" \/><\/figure><\/div>\n\n\n\n<div class=\"wp-block-media-text alignwide is-stacked-on-mobile is-vertically-aligned-center has-background\" style=\"background-color:#f0ede5;grid-template-columns:28% auto\"><figure class=\"wp-block-media-text__media\"><img loading=\"lazy\" decoding=\"async\" width=\"792\" height=\"990\" src=\"http:\/\/classical-concerts.at\/wp-content\/uploads\/2023\/08\/WienerSchnitzel.jpg\" alt=\"\" class=\"wp-image-146 size-full\" srcset=\"https:\/\/classical-concerts.at\/wp-content\/uploads\/2023\/08\/WienerSchnitzel.jpg 792w, https:\/\/classical-concerts.at\/wp-content\/uploads\/2023\/08\/WienerSchnitzel-240x300.jpg 240w, https:\/\/classical-concerts.at\/wp-content\/uploads\/2023\/08\/WienerSchnitzel-768x960.jpg 768w\" sizes=\"auto, (max-width: 792px) 100vw, 792px\" \/><\/figure><div class=\"wp-block-media-text__content\">\n<div class=\"wp-block-group\" style=\"padding-top:2em;padding-right:2em;padding-bottom:2em;padding-left:2em\"><div class=\"wp-block-group__inner-container is-layout-flow wp-block-group-is-layout-flow\">\n<h3 class=\"wp-block-heading has-text-align-center has-text-color\" style=\"color:#5d5d5c\">Men\u00fc Restaurant SERVUS<\/h3>\n\n\n\n<p class=\"has-text-align-center has-text-color\" style=\"color:#5d5d5c\"><br>H\u00e1zi keny\u00e9r. Vaj. Sal\u00e1ta<br>***<br>T\u00f6kleves. K\u00f6les. Koriander<br>***<br>Eredeti b\u00e9csi schnitzel. Burgonya \u00e9s r\u00f3zsasal\u00e1ta. \u00c1fonya<br>***<br>Kaiserschmarren. Zwetschkenr\u00f6ster. Rum szult\u00e1na<\/p>\n<\/div><\/div>\n<\/div><\/div>\n\n\n\n<h2 class=\"wp-block-heading has-text-align-center\" id=\"kontakt\">Helysz\u00edni terv \u00e9s \u00fatvonal<\/h2>\n\n\n\t\t\t<div \n\t\t\tclass=\"wp-block-uagb-google-map uagb-google-map__wrap uagb-block-be9e146a    \"\n\t\t\tstyle=\"\" >\n\t\t\t\t<iframe\n\t\t\t\t\tclass=\"uagb-google-map__iframe\"\n\t\t\t\t\ttitle=\"Google Map for \"\n\t\t\t\t\tsrc=\"https:\/\/maps.google.com\/maps?q=%20Palais%20Sch%C3%B6nborn%20Renngasse%204%2C%201010%20Wien%2C%20Austria&#038;z=12&#038;hl=en&#038;t=m&#038;output=embed&#038;iwloc=near\"\n\t\t\t\t\twidth=\"640\"\n\t\t\t\t\theight=\"300\"\n\t\t\t\t\tloading=\"lazy\"\n\t\t\t\t><\/iframe>\n\t\t\t<\/div>\n\t\t\t\n\n\n<div class=\"wp-block-cover alignfull\" style=\"min-height:267px;aspect-ratio:unset;\"><span aria-hidden=\"true\" class=\"wp-block-cover__background has-background-dim\"><\/span><img loading=\"lazy\" decoding=\"async\" width=\"1024\" height=\"777\" class=\"wp-block-cover__image-background wp-image-98\" alt=\"\" src=\"http:\/\/classical-concerts.at\/wp-content\/uploads\/2023\/08\/Wiener-Barockorchester-9-1024x777.jpg\" style=\"object-position:46% 68%\" data-object-fit=\"cover\" data-object-position=\"46% 68%\" srcset=\"https:\/\/classical-concerts.at\/wp-content\/uploads\/2023\/08\/Wiener-Barockorchester-9-1024x777.jpg 1024w, https:\/\/classical-concerts.at\/wp-content\/uploads\/2023\/08\/Wiener-Barockorchester-9-300x228.jpg 300w, https:\/\/classical-concerts.at\/wp-content\/uploads\/2023\/08\/Wiener-Barockorchester-9-768x582.jpg 768w, https:\/\/classical-concerts.at\/wp-content\/uploads\/2023\/08\/Wiener-Barockorchester-9.jpg 1080w\" sizes=\"auto, (max-width: 1024px) 100vw, 1024px\" \/><div class=\"wp-block-cover__inner-container is-layout-flow wp-block-cover-is-layout-flow\">\n<h2 class=\"wp-block-heading has-text-align-center has-quaternary-color has-text-color\" style=\"font-size:55px;\"><a href=\"https:\/\/classical-concerts.reservix.at\/\" style=\"color: white !important;\" target=\"_blank\" rel=\"noopener\">Jegyek<\/a><\/h2>\n<\/div><\/div>\n","protected":false},"excerpt":{"rendered":"<p>B\u00e9csi Barokk Zenekar &#8222;\u2026 mert szeret\u00fcnk mindenf\u00e9le mesterrel besz\u00e9lgetni; r\u00e9gi \u00e9s modern&#8221; &#8211; mondta Wolfgang Amadeus Mozart. Csatlakozzon a h\u00edres &#8222;B\u00e9csi Barokk Zenekarhoz&#8221; egy felejthetetlen utaz\u00e1sra az osztr\u00e1k zenet\u00f6rt\u00e9net legfontosabb [&hellip;]<\/p>\n","protected":false},"author":1,"featured_media":495,"parent":0,"menu_order":0,"comment_status":"closed","ping_status":"closed","template":"","meta":{"hide_page_title":"","_uag_custom_page_level_css":"","footnotes":""},"class_list":["post-493","page","type-page","status-publish","has-post-thumbnail","hentry"],"uagb_featured_image_src":{"full":["https:\/\/classical-concerts.at\/wp-content\/uploads\/2023\/08\/FeaturedFoto.jpg",1350,600,false],"thumbnail":["https:\/\/classical-concerts.at\/wp-content\/uploads\/2023\/08\/FeaturedFoto-150x150.jpg",150,150,true],"medium":["https:\/\/classical-concerts.at\/wp-content\/uploads\/2023\/08\/FeaturedFoto-300x133.jpg",300,133,true],"medium_large":["https:\/\/classical-concerts.at\/wp-content\/uploads\/2023\/08\/FeaturedFoto-768x341.jpg",660,293,true],"large":["https:\/\/classical-concerts.at\/wp-content\/uploads\/2023\/08\/FeaturedFoto-1024x455.jpg",660,293,true],"1536x1536":["https:\/\/classical-concerts.at\/wp-content\/uploads\/2023\/08\/FeaturedFoto.jpg",1350,600,false],"2048x2048":["https:\/\/classical-concerts.at\/wp-content\/uploads\/2023\/08\/FeaturedFoto.jpg",1350,600,false]},"uagb_author_info":{"display_name":"admini","author_link":"https:\/\/classical-concerts.at\/hu\/author\/admini\/"},"uagb_comment_info":0,"uagb_excerpt":"B\u00e9csi Barokk Zenekar &#8222;\u2026 mert szeret\u00fcnk mindenf\u00e9le mesterrel besz\u00e9lgetni; r\u00e9gi \u00e9s modern&#8221; &#8211; mondta Wolfgang Amadeus Mozart. Csatlakozzon a h\u00edres &#8222;B\u00e9csi Barokk Zenekarhoz&#8221; egy felejthetetlen utaz\u00e1sra az osztr\u00e1k zenet\u00f6rt\u00e9net legfontosabb [&hellip;]","_links":{"self":[{"href":"https:\/\/classical-concerts.at\/hu\/wp-json\/wp\/v2\/pages\/493","targetHints":{"allow":["GET"]}}],"collection":[{"href":"https:\/\/classical-concerts.at\/hu\/wp-json\/wp\/v2\/pages"}],"about":[{"href":"https:\/\/classical-concerts.at\/hu\/wp-json\/wp\/v2\/types\/page"}],"author":[{"embeddable":true,"href":"https:\/\/classical-concerts.at\/hu\/wp-json\/wp\/v2\/users\/1"}],"replies":[{"embeddable":true,"href":"https:\/\/classical-concerts.at\/hu\/wp-json\/wp\/v2\/comments?post=493"}],"version-history":[{"count":3,"href":"https:\/\/classical-concerts.at\/hu\/wp-json\/wp\/v2\/pages\/493\/revisions"}],"predecessor-version":[{"id":1682,"href":"https:\/\/classical-concerts.at\/hu\/wp-json\/wp\/v2\/pages\/493\/revisions\/1682"}],"wp:featuredmedia":[{"embeddable":true,"href":"https:\/\/classical-concerts.at\/hu\/wp-json\/wp\/v2\/media\/495"}],"wp:attachment":[{"href":"https:\/\/classical-concerts.at\/hu\/wp-json\/wp\/v2\/media?parent=493"}],"curies":[{"name":"wp","href":"https:\/\/api.w.org\/{rel}","templated":true}]}}